{"id":14943,"date":"2022-10-26T16:02:06","date_gmt":"2022-10-26T14:02:06","guid":{"rendered":"https:\/\/festivalfilmeduc.net\/?post_type=tribe_events&#038;p=14943"},"modified":"2022-12-02T15:37:10","modified_gmt":"2022-12-02T14:37:10","slug":"education-artistique-et-education-populaire-apprendre-a-voir-rever-et-transformer-le-monde","status":"publish","type":"tribe_events","link":"https:\/\/festivalfilmeduc.net\/en\/evenement\/education-artistique-et-education-populaire-apprendre-a-voir-rever-et-transformer-le-monde\/","title":{"rendered":"\u00c9ducation artistique et \u00e9ducation populaire : apprendre \u00e0 voir, r\u00eaver et transformer le monde"},"content":{"rendered":"<p><strong>Table ronde : \u00c9ducation artistique et \u00e9ducation populaire : apprendre \u00e0 voir, r\u00eaver et transformer le monde<\/strong><\/p>\n<p><em>Avec <strong>Philippe MEIRIEU<\/strong>, Pr\u00e9sident des Cem\u00e9a France, professeur des universit\u00e9s \u00e9m\u00e9rite en sciences de l&#8217;\u00e9ducation, p\u00e9dagogue.<\/em><\/p>\n<p><em><strong>Robin RENUCCI<\/strong>, com\u00e9dien de th\u00e9\u00e2tre, de cin\u00e9ma et de t\u00e9l\u00e9vision, r\u00e9alisateur et metteur en sc\u00e8ne, directeur de la Cri\u00e9e, le th\u00e9\u00e2tre national de Marseille<\/em><\/p>\n<p><em>Anim\u00e9 par Christine Votovic, administratirce des Cem\u00e9a Occitanie et membre du groupe de pilotage du d\u00e9veloppement des \u00e9chos du festival<\/em><\/p>\n<p style=\"text-align: left;\">Que peut l\u2019expression artistique aujourd\u2019hui ? Est-elle seulement un \u00absuppl\u00e9ment d\u2019\u00e2me\u00bb ou une mani\u00e8re d\u2019oublier un moment \u00able bruit et la fureur\u00bb du monde ? Est-elle r\u00e9serv\u00e9e \u00e0 une \u00e9lite pour qu\u2019elle en fasse un outil de distinction sociale ? Est-elle condamn\u00e9e \u00e0 d\u00e9crire les souffrances des humains sans pouvoir agir sur elles ? Se r\u00e9duit-elle \u00e0 un cri sans v\u00e9ritables cons\u00e9quences ? Ou, au contraire, constitue-t-elle, plus que jamais, un projet fondateur de l\u2019\u00c9ducation populaire ? Peut-on esp\u00e9rer que, gr\u00e2ce aux arts et \u00e0 l\u2019\u00e9ducation artistique, celles et ceux qui feront le monde de demain soient plus lucides et plus d\u00e9termin\u00e9s, plus solidaires et engag\u00e9s ? Mais alors, n\u2019assiste-t-on pas \u00e0 une instrumentalisation des arts qui leur ferait perdre leur libert\u00e9 et leur saveur ? Et si l\u2019on pouvait \u00e9chapper \u00e0 cette alternative ? Et si l\u2019\u00c9ducation populaire portait une conception de l\u2019expression et de l\u2019\u00e9ducation artistiques capable, tout autant, de nous \u00e9mouvoir, de nous \u00e9merveiller\u2026 et de nous aider \u00e0 r\u00eaver comme \u00e0 b\u00e2tir un monde meilleur ? Comment est-ce possible ? Comment peut-on s\u2019y prendre ? Et quelle est la place particuli\u00e8re du cin\u00e9ma dans cette entreprise ?<\/p>\n<p><a href=\"https:\/\/vimeo.com\/777327536\">(Re)voir la conf\u00e9rence.<\/a><\/p>\n<figure id=\"attachment_14949\" aria-describedby=\"caption-attachment-14949\" style=\"width: 300px\" class=\"wp-caption alignnone\"><a href=\"https:\/\/festivalfilmeduc.net\/wp-content\/uploads\/2022\/10\/Philippe-Meirieu-Robin-Renucci-e1666793059362.jpg\" data-lbwps-width=\"940\" data-lbwps-height=\"432\" data-lbwps-srcsmall=\"https:\/\/festivalfilmeduc.net\/wp-content\/uploads\/2022\/10\/Philippe-Meirieu-Robin-Renucci-e1666793059362-300x138.jpg\"><img loading=\"lazy\" decoding=\"async\" class=\"wp-image-14949 size-medium\" src=\"https:\/\/festivalfilmeduc.net\/wp-content\/uploads\/2022\/10\/Philippe-Meirieu-Robin-Renucci-e1666793059362-300x138.jpg\" alt=\"\" width=\"300\" height=\"138\" srcset=\"https:\/\/festivalfilmeduc.net\/wp-content\/uploads\/2022\/10\/Philippe-Meirieu-Robin-Renucci-e1666793059362-300x138.jpg 300w, https:\/\/festivalfilmeduc.net\/wp-content\/uploads\/2022\/10\/Philippe-Meirieu-Robin-Renucci-e1666793059362-768x353.jpg 768w, https:\/\/festivalfilmeduc.net\/wp-content\/uploads\/2022\/10\/Philippe-Meirieu-Robin-Renucci-e1666793059362.jpg 940w\" sizes=\"auto, (max-width: 300px) 100vw, 300px\" \/><\/a><figcaption id=\"caption-attachment-14949\" class=\"wp-caption-text\">\u00a9 Institut de l\u2019Image<\/figcaption><\/figure>\n","protected":false},"excerpt":{"rendered":"<p>Table ronde : \u00c9ducation artistique et \u00e9ducation populaire : apprendre \u00e0 voir, r\u00eaver et transformer le monde Avec Philippe MEIRIEU, Pr\u00e9sident des Cem\u00e9a France, professeur des universit\u00e9s \u00e9m\u00e9rite en sciences [&hellip;]<\/p>\n","protected":false},"author":7,"featured_media":14949,"template":"","meta":{"_acf_changed":false,"_tribe_events_status":"","_tribe_events_status_reason":"","footnotes":""},"tags":[],"edition_festival":[2616],"tribe_events_cat":[384],"class_list":["post-14943","tribe_events","type-tribe_events","status-publish","has-post-thumbnail","hentry","edition_festival-edition-2022","tribe_events_cat-table-ronde","cat_table-ronde"],"acf":[],"_links":{"self":[{"href":"https:\/\/festivalfilmeduc.net\/en\/wp-json\/wp\/v2\/tribe_events\/14943","targetHints":{"allow":["GET"]}}],"collection":[{"href":"https:\/\/festivalfilmeduc.net\/en\/wp-json\/wp\/v2\/tribe_events"}],"about":[{"href":"https:\/\/festivalfilmeduc.net\/en\/wp-json\/wp\/v2\/types\/tribe_events"}],"author":[{"embeddable":true,"href":"https:\/\/festivalfilmeduc.net\/en\/wp-json\/wp\/v2\/users\/7"}],"version-history":[{"count":9,"href":"https:\/\/festivalfilmeduc.net\/en\/wp-json\/wp\/v2\/tribe_events\/14943\/revisions"}],"predecessor-version":[{"id":15816,"href":"https:\/\/festivalfilmeduc.net\/en\/wp-json\/wp\/v2\/tribe_events\/14943\/revisions\/15816"}],"wp:featuredmedia":[{"embeddable":true,"href":"https:\/\/festivalfilmeduc.net\/en\/wp-json\/wp\/v2\/media\/14949"}],"wp:attachment":[{"href":"https:\/\/festivalfilmeduc.net\/en\/wp-json\/wp\/v2\/media?parent=14943"}],"wp:term":[{"taxonomy":"post_tag","embeddable":true,"href":"https:\/\/festivalfilmeduc.net\/en\/wp-json\/wp\/v2\/tags?post=14943"},{"taxonomy":"edition_festival","embeddable":true,"href":"https:\/\/festivalfilmeduc.net\/en\/wp-json\/wp\/v2\/edition_festival?post=14943"},{"taxonomy":"tribe_events_cat","embeddable":true,"href":"https:\/\/festivalfilmeduc.net\/en\/wp-json\/wp\/v2\/tribe_events_cat?post=14943"}],"curies":[{"name":"wp","href":"https:\/\/api.w.org\/{rel}","templated":true}]}}