{"id":4039,"date":"2019-02-13T14:56:16","date_gmt":"2019-02-13T13:56:16","guid":{"rendered":"https:\/\/festivalfilmeduc.net\/?post_type=tribe_events&#038;p=4039"},"modified":"2019-06-22T13:39:47","modified_gmt":"2019-06-22T11:39:47","slug":"18-au-21-mars-2019-3eme-echos-du-festival-du-film-deducation-a-saint-die-des-vosges","status":"publish","type":"tribe_events","link":"https:\/\/festivalfilmeduc.net\/en\/evenement\/18-au-21-mars-2019-3eme-echos-du-festival-du-film-deducation-a-saint-die-des-vosges\/","title":{"rendered":"18 AU 21 MARS 2019 &#8211; 3e \u00e9chos du festival du film d&#8217;\u00e9ducation \u00e0 Saint-Di\u00e9-des-Vosges"},"content":{"rendered":"<p>Troisi\u00e8me \u00e9dition d\u00e9centralis\u00e9e du 18 au\u00a0 21 Mars 2019\u00a0 \u00e0 Saint-Di\u00e9-des-Vosges, du Festival europ\u00e9en du film d\u2019\u00e9ducation, dans le cadre du Festival national \u00e9ponyme \u00e0 Evreux.<\/p>\n<p>Organis\u00e9 par l\u2019association la\u00efque d\u2019\u00e9ducation populaire, Cem\u00e9a (Centre d\u2019entra\u00eenement aux m\u00e9thodes d\u2019\u00e9ducation active), ce festival fait suite aux rencontres r\u00e9guli\u00e8res avec des r\u00e9f\u00e9rents du r\u00e9seau Canop\u00e9 88 et du cin\u00e9ma Art et Essai de Saint-Di\u00e9-des-Vosges.<\/p>\n<p>\u00ab C\u2019est un \u00e9v\u00e9nement culturel et citoyen qui propose des regards crois\u00e9s cr\u00e9ateurs (cin\u00e9ma)\/public sur les questions d\u2019\u00e9ducation, d\u2019enfance et de jeunesse, \u00e0 travers des histoires d\u2019\u00e9ducation, valorisant l\u2019int\u00e9gration citoyenne, la diversit\u00e9, la non-exclusion\u2026 C\u2019est aussi l\u2019occasion d\u2019organiser des d\u00e9bats citoyens \u00bb, dit Colette Coquard, r\u00e9f\u00e9rente des Echos du festival pour la Lorraine.<\/p>\n","protected":false},"excerpt":{"rendered":"<p>Troisi\u00e8me \u00e9dition d\u00e9centralis\u00e9e du 18 au\u00a0 21 Mars 2019\u00a0 \u00e0 Saint-Di\u00e9-des-Vosges, du Festival europ\u00e9en du film d\u2019\u00e9ducation, dans le cadre du Festival national \u00e9ponyme \u00e0 Evreux. Organis\u00e9 par l\u2019association la\u00efque [&hellip;]<\/p>\n","protected":false},"author":6,"featured_media":0,"template":"","meta":{"_acf_changed":false,"_tribe_events_status":"","_tribe_events_status_reason":"","footnotes":""},"tags":[],"edition_festival":[141],"tribe_events_cat":[1145,907],"class_list":["post-4039","tribe_events","type-tribe_events","status-publish","hentry","edition_festival-edition-2018","tribe_events_cat-alsace","tribe_events_cat-echos-du-festival","cat_alsace","cat_echos-du-festival"],"acf":[],"_links":{"self":[{"href":"https:\/\/festivalfilmeduc.net\/en\/wp-json\/wp\/v2\/tribe_events\/4039","targetHints":{"allow":["GET"]}}],"collection":[{"href":"https:\/\/festivalfilmeduc.net\/en\/wp-json\/wp\/v2\/tribe_events"}],"about":[{"href":"https:\/\/festivalfilmeduc.net\/en\/wp-json\/wp\/v2\/types\/tribe_events"}],"author":[{"embeddable":true,"href":"https:\/\/festivalfilmeduc.net\/en\/wp-json\/wp\/v2\/users\/6"}],"version-history":[{"count":4,"href":"https:\/\/festivalfilmeduc.net\/en\/wp-json\/wp\/v2\/tribe_events\/4039\/revisions"}],"predecessor-version":[{"id":4058,"href":"https:\/\/festivalfilmeduc.net\/en\/wp-json\/wp\/v2\/tribe_events\/4039\/revisions\/4058"}],"wp:attachment":[{"href":"https:\/\/festivalfilmeduc.net\/en\/wp-json\/wp\/v2\/media?parent=4039"}],"wp:term":[{"taxonomy":"post_tag","embeddable":true,"href":"https:\/\/festivalfilmeduc.net\/en\/wp-json\/wp\/v2\/tags?post=4039"},{"taxonomy":"edition_festival","embeddable":true,"href":"https:\/\/festivalfilmeduc.net\/en\/wp-json\/wp\/v2\/edition_festival?post=4039"},{"taxonomy":"tribe_events_cat","embeddable":true,"href":"https:\/\/festivalfilmeduc.net\/en\/wp-json\/wp\/v2\/tribe_events_cat?post=4039"}],"curies":[{"name":"wp","href":"https:\/\/api.w.org\/{rel}","templated":true}]}}