{"id":4118,"date":"2019-02-25T11:12:22","date_gmt":"2019-02-25T10:12:22","guid":{"rendered":"https:\/\/festivalfilmeduc.net\/?post_type=tribe_events&#038;p=4118"},"modified":"2019-06-22T13:39:47","modified_gmt":"2019-06-22T11:39:47","slug":"26-au-28-mars-2019-14e-echos-du-festival-du-film-deducation-a-herouville-normandie","status":"publish","type":"tribe_events","link":"https:\/\/festivalfilmeduc.net\/en\/evenement\/26-au-28-mars-2019-14e-echos-du-festival-du-film-deducation-a-herouville-normandie\/","title":{"rendered":"26 au 28 mars 2019  \u2013 3e \u00e9chos du festival du film d\u2019\u00e9ducation \u00e0 H\u00e9rouville (Normandie)"},"content":{"rendered":"<p>Le Caf\u00e9 des Images et les CEMEA de Normandie s\u2019associent pour la troisi\u00e8me \u00e9dition des Echos du Festival du film d&#8217;\u00e9ducation : trois jours de programmation de fictions, documentaires, courts et longs m\u00e9trages, des histoires de vie, d\u2019apprentissage, de rencontre, d\u2019\u00e9ducation.<br \/>\nLe cin\u00e9ma nous permet de faire un pas de c\u00f4t\u00e9, de nous poser des questions, sans nous obliger \u00e0 formater nos r\u00e9ponses. C\u2019est pourquoi chaque projection sera suivie d\u2019un \u00e9change ou d\u2019un d\u00e9bat autour des th\u00e9matiques abord\u00e9es : citoyennet\u00e9, identit\u00e9, relations familiales, les droits des enfants, l\u2019\u00eatre et l\u2019agir ensemble. Le cin\u00e9ma, c\u2019est aussi un temps \u00e0 partager, en famille, entre professionnels, entre copains. Un espace privil\u00e9gi\u00e9 pour faire du commun.<\/p>\n<p>CINEMA CAFE DES IMAGES &#8211; HEROUVILLE-SAINT-CLAIR<br \/>\n4 square du Th\u00e9\u00e2tre, 14202 H\u00e9rouville-Saint-Clair, 02.31.45.34.70<\/p>\n<p>Cette action est soutenue par le service Petite Enfance de la Ville d\u2019H\u00e9rouville-Saint-Clair et par la librairie Guillaume.<\/p>\n<p>&nbsp;<\/p>\n<p><a href=\"http:\/\/mjcyvetot.fr\/echos-festival-film-education\/\">http:\/\/mjcyvetot.fr\/echos-festival-film-education\/<\/a><\/p>\n","protected":false},"excerpt":{"rendered":"<p>Le Caf\u00e9 des Images et les CEMEA de Normandie s\u2019associent pour la troisi\u00e8me \u00e9dition des Echos du Festival du film d&#8217;\u00e9ducation : trois jours de programmation de fictions, documentaires, courts [&hellip;]<\/p>\n","protected":false},"author":6,"featured_media":4122,"template":"","meta":{"_acf_changed":false,"_tribe_events_status":"","_tribe_events_status_reason":"","footnotes":""},"tags":[],"edition_festival":[141],"tribe_events_cat":[907],"class_list":["post-4118","tribe_events","type-tribe_events","status-publish","has-post-thumbnail","hentry","edition_festival-edition-2018","tribe_events_cat-echos-du-festival","cat_echos-du-festival"],"acf":[],"_links":{"self":[{"href":"https:\/\/festivalfilmeduc.net\/en\/wp-json\/wp\/v2\/tribe_events\/4118","targetHints":{"allow":["GET"]}}],"collection":[{"href":"https:\/\/festivalfilmeduc.net\/en\/wp-json\/wp\/v2\/tribe_events"}],"about":[{"href":"https:\/\/festivalfilmeduc.net\/en\/wp-json\/wp\/v2\/types\/tribe_events"}],"author":[{"embeddable":true,"href":"https:\/\/festivalfilmeduc.net\/en\/wp-json\/wp\/v2\/users\/6"}],"version-history":[{"count":5,"href":"https:\/\/festivalfilmeduc.net\/en\/wp-json\/wp\/v2\/tribe_events\/4118\/revisions"}],"predecessor-version":[{"id":4197,"href":"https:\/\/festivalfilmeduc.net\/en\/wp-json\/wp\/v2\/tribe_events\/4118\/revisions\/4197"}],"wp:featuredmedia":[{"embeddable":true,"href":"https:\/\/festivalfilmeduc.net\/en\/wp-json\/wp\/v2\/media\/4122"}],"wp:attachment":[{"href":"https:\/\/festivalfilmeduc.net\/en\/wp-json\/wp\/v2\/media?parent=4118"}],"wp:term":[{"taxonomy":"post_tag","embeddable":true,"href":"https:\/\/festivalfilmeduc.net\/en\/wp-json\/wp\/v2\/tags?post=4118"},{"taxonomy":"edition_festival","embeddable":true,"href":"https:\/\/festivalfilmeduc.net\/en\/wp-json\/wp\/v2\/edition_festival?post=4118"},{"taxonomy":"tribe_events_cat","embeddable":true,"href":"https:\/\/festivalfilmeduc.net\/en\/wp-json\/wp\/v2\/tribe_events_cat?post=4118"}],"curies":[{"name":"wp","href":"https:\/\/api.w.org\/{rel}","templated":true}]}}