{"id":4169,"date":"2019-03-12T11:20:08","date_gmt":"2019-03-12T10:20:08","guid":{"rendered":"https:\/\/festivalfilmeduc.net\/?post_type=tribe_events&#038;p=4169"},"modified":"2019-06-22T13:39:47","modified_gmt":"2019-06-22T11:39:47","slug":"la-8eme-edition-des-echos-du-festival-international-en-nouvelle-aquitaine-du-1er-au-12-avril-2019","status":"publish","type":"tribe_events","link":"https:\/\/festivalfilmeduc.net\/en\/evenement\/la-8eme-edition-des-echos-du-festival-international-en-nouvelle-aquitaine-du-1er-au-12-avril-2019\/","title":{"rendered":"La 8\u00e8me \u00e9dition des Echos du festival international en Nouvelle Aquitaine &#8211; Du 25 Mars au 12 avril 2019"},"content":{"rendered":"<p><a href=\"https:\/\/festivalfilmeduc.net\/wp-content\/uploads\/2019\/03\/2019_nouvelle_aquitaine_CP_EFFE_CEMEA.pdf\">Communiqu\u00e9 de presse \u00e9chos du festival Nouvelle aquitaine<\/a><\/p>\n<p>D\u00e9battre \u00e0 l\u2019\u00e9cole \u00e0 partir de films d\u2019\u00e9ducation. Du 1er au 12 avril, les Cem\u00e9a Nouvelle-Aquitaine organisent les 8\u00e8mes \u00e9chos du festival du film d\u2019\u00e9ducation dans l\u2019acad\u00e9mie de Poitiers. Plus de 1200 scolaires de la maternelle au coll\u00e8ge, vont assister \u00e0 des projections. Lors de ce festival, il ne s\u2019agit pas de consommer des films mais bien de se pr\u00e9parer \u00e0 aller voir et pouvoir exprimer ses ressentis. C\u2019est ce qui est appel\u00e9 accompagnement du spectateur. Par accompagnement, nous entendons un temps de travail avec les \u00e9quipes p\u00e9dagogiques pour \u00eatre en contact \u00e9troit avec la r\u00e9alit\u00e9 et \u00e9galement un moment \u00ab post-projection \u00bb avec les \u00e9l\u00e8ves pour tirer des fils et vivre un r\u00e9el temps \u00e9ducatif. Cette \u00ab post-pro-jection \u00bb peut prendre diff\u00e9rentes formes : d\u00e9bats, ateliers, productions plastiques, etc.<\/p>\n<p>Cet \u00e9v\u00e8nement n\u2019aurait pas lieu sans un comit\u00e9 de pilotage resserr\u00e9 accueillant le rectorat de l\u2019acad\u00e9mie de Poi-tiers \u00e0 travers la DAAC, la DSDEN 86 et 79, le r\u00e9seau Canop\u00e9, l\u2019Afev, la MAIF, la MGEN et la CASDEN. Ces diff\u00e9rentes institutions et structures ont permis d\u2019effectuer une s\u00e9lection fine de films adapt\u00e9s aux diff\u00e9rents publics et aux probl\u00e9matiques des \u00e9tablissements scolaires en coh\u00e9rence avec les programmes nationaux.<\/p>\n<p>L\u2019association des Cem\u00e9a est une association d\u2019\u00e9ducation populaire, reconnue d\u2019utilit\u00e9 publique et compl\u00e9mentaire de l\u2019Ecole depuis plusieurs dizaines d\u2019ann\u00e9es. A ce titre, nous sommes li\u00e9s \u00e0 travers une convention pluriannuelle d\u2019objectifs qui donne lieu \u00e0 des dialogues de partenariat chaque ann\u00e9e avec les services du rectorat.<\/p>\n<p><a href=\"https:\/\/festivalfilmeduc.net\/2019\/03\/12\/la-8eme-edition-des-echos-du-festival-international-du-film-en-nouvelle-aquitaine\/\">Le pr\u00e9-programme<\/a><\/p>\n","protected":false},"excerpt":{"rendered":"<p>Communiqu\u00e9 de presse \u00e9chos du festival Nouvelle aquitaine D\u00e9battre \u00e0 l\u2019\u00e9cole \u00e0 partir de films d\u2019\u00e9ducation. Du 1er au 12 avril, les Cem\u00e9a Nouvelle-Aquitaine organisent les 8\u00e8mes \u00e9chos du festival [&hellip;]<\/p>\n","protected":false},"author":6,"featured_media":4303,"template":"","meta":{"_acf_changed":false,"_tribe_events_status":"","_tribe_events_status_reason":"","footnotes":""},"tags":[],"edition_festival":[141],"tribe_events_cat":[907],"class_list":["post-4169","tribe_events","type-tribe_events","status-publish","has-post-thumbnail","hentry","edition_festival-edition-2018","tribe_events_cat-echos-du-festival","cat_echos-du-festival"],"acf":[],"_links":{"self":[{"href":"https:\/\/festivalfilmeduc.net\/en\/wp-json\/wp\/v2\/tribe_events\/4169","targetHints":{"allow":["GET"]}}],"collection":[{"href":"https:\/\/festivalfilmeduc.net\/en\/wp-json\/wp\/v2\/tribe_events"}],"about":[{"href":"https:\/\/festivalfilmeduc.net\/en\/wp-json\/wp\/v2\/types\/tribe_events"}],"author":[{"embeddable":true,"href":"https:\/\/festivalfilmeduc.net\/en\/wp-json\/wp\/v2\/users\/6"}],"version-history":[{"count":7,"href":"https:\/\/festivalfilmeduc.net\/en\/wp-json\/wp\/v2\/tribe_events\/4169\/revisions"}],"predecessor-version":[{"id":4304,"href":"https:\/\/festivalfilmeduc.net\/en\/wp-json\/wp\/v2\/tribe_events\/4169\/revisions\/4304"}],"wp:featuredmedia":[{"embeddable":true,"href":"https:\/\/festivalfilmeduc.net\/en\/wp-json\/wp\/v2\/media\/4303"}],"wp:attachment":[{"href":"https:\/\/festivalfilmeduc.net\/en\/wp-json\/wp\/v2\/media?parent=4169"}],"wp:term":[{"taxonomy":"post_tag","embeddable":true,"href":"https:\/\/festivalfilmeduc.net\/en\/wp-json\/wp\/v2\/tags?post=4169"},{"taxonomy":"edition_festival","embeddable":true,"href":"https:\/\/festivalfilmeduc.net\/en\/wp-json\/wp\/v2\/edition_festival?post=4169"},{"taxonomy":"tribe_events_cat","embeddable":true,"href":"https:\/\/festivalfilmeduc.net\/en\/wp-json\/wp\/v2\/tribe_events_cat?post=4169"}],"curies":[{"name":"wp","href":"https:\/\/api.w.org\/{rel}","templated":true}]}}